{"id":229,"date":"2023-08-05T10:30:46","date_gmt":"2023-08-05T15:30:46","guid":{"rendered":"https:\/\/somospatrimonio.org\/?page_id=229"},"modified":"2023-08-06T08:57:17","modified_gmt":"2023-08-06T13:57:17","slug":"galeria-de-imagenes","status":"publish","type":"page","link":"https:\/\/somospatrimonio.org\/?page_id=229","title":{"rendered":"Galer\u00eda de im\u00e1genes"},"content":{"rendered":"<p>El municipio de Santa Cruz tiene tiene un gran potencial tur\u00edstico gracias a su biodiversidad, su arquitectura y sobre todo a su riqueza cultural.<\/p>\n<div id=\"metaslider-id-97\" style=\"width: 100%;\" class=\"ml-slider-3-62-0 metaslider metaslider-nivo metaslider-97 ml-slider ms-theme-default\" role=\"region\" aria-roledescription=\"Slideshow\" aria-label=\"Galer\u00eda de inm\u00e1genes\">\n    <div id=\"metaslider_container_97\">\n        <div class='slider-wrapper theme-default'><div class='ribbon'><\/div><div id='metaslider_97' class='nivoSlider'><img loading=\"lazy\" decoding=\"async\" width=\"2560\" height=\"1707\" src=\"https:\/\/somospatrimonio.org\/wp-content\/uploads\/2023\/06\/234A7183-scaled.jpg\" class=\"slider-97 slide-193\" alt=\"\" data-caption=\"Vista de Santa Cruz de Lorica. Foto: Jaime Correa Narv&aacute;ez\" data-thumb=\"\" title=\"234A7183\" rel=\"\" srcset=\"https:\/\/somospatrimonio.org\/wp-content\/uploads\/2023\/06\/234A7183-scaled.jpg 2560w, https:\/\/somospatrimonio.org\/wp-content\/uploads\/2023\/06\/234A7183-300x200.jpg 300w, https:\/\/somospatrimonio.org\/wp-content\/uploads\/2023\/06\/234A7183-1024x683.jpg 1024w, https:\/\/somospatrimonio.org\/wp-content\/uploads\/2023\/06\/234A7183-768x512.jpg 768w, https:\/\/somospatrimonio.org\/wp-content\/uploads\/2023\/06\/234A7183-1536x1024.jpg 1536w, https:\/\/somospatrimonio.org\/wp-content\/uploads\/2023\/06\/234A7183-2048x1365.jpg 2048w, https:\/\/somospatrimonio.org\/wp-content\/uploads\/2023\/06\/234A7183-360x240.jpg 360w\" sizes=\"auto, (max-width: 2560px) 100vw, 2560px\" \/><img loading=\"lazy\" decoding=\"async\" width=\"2560\" height=\"1707\" src=\"https:\/\/somospatrimonio.org\/wp-content\/uploads\/2023\/06\/234A7025-scaled.jpg\" class=\"slider-97 slide-194\" alt=\"\" data-caption=\"Edificio Afife Matuk. Foto: Jaime Correa Narv&aacute;ez.\" data-thumb=\"\" title=\"234A7025\" rel=\"\" srcset=\"https:\/\/somospatrimonio.org\/wp-content\/uploads\/2023\/06\/234A7025-scaled.jpg 2560w, https:\/\/somospatrimonio.org\/wp-content\/uploads\/2023\/06\/234A7025-300x200.jpg 300w, https:\/\/somospatrimonio.org\/wp-content\/uploads\/2023\/06\/234A7025-1024x683.jpg 1024w, https:\/\/somospatrimonio.org\/wp-content\/uploads\/2023\/06\/234A7025-768x512.jpg 768w, https:\/\/somospatrimonio.org\/wp-content\/uploads\/2023\/06\/234A7025-1536x1024.jpg 1536w, https:\/\/somospatrimonio.org\/wp-content\/uploads\/2023\/06\/234A7025-2048x1365.jpg 2048w, https:\/\/somospatrimonio.org\/wp-content\/uploads\/2023\/06\/234A7025-360x240.jpg 360w\" sizes=\"auto, (max-width: 2560px) 100vw, 2560px\" \/><img loading=\"lazy\" decoding=\"async\" width=\"2560\" height=\"1713\" src=\"https:\/\/somospatrimonio.org\/wp-content\/uploads\/2023\/06\/234A7165-scaled.jpg\" class=\"slider-97 slide-195\" alt=\"\" data-caption=\"Catedral de Santa Cruz de Lorica. Foto: Jaime Correa Narv&aacute;ez\" data-thumb=\"\" title=\"234A7165\" rel=\"\" srcset=\"https:\/\/somospatrimonio.org\/wp-content\/uploads\/2023\/06\/234A7165-scaled.jpg 2560w, https:\/\/somospatrimonio.org\/wp-content\/uploads\/2023\/06\/234A7165-300x201.jpg 300w, https:\/\/somospatrimonio.org\/wp-content\/uploads\/2023\/06\/234A7165-1024x685.jpg 1024w, https:\/\/somospatrimonio.org\/wp-content\/uploads\/2023\/06\/234A7165-768x514.jpg 768w, https:\/\/somospatrimonio.org\/wp-content\/uploads\/2023\/06\/234A7165-1536x1028.jpg 1536w, https:\/\/somospatrimonio.org\/wp-content\/uploads\/2023\/06\/234A7165-2048x1371.jpg 2048w, https:\/\/somospatrimonio.org\/wp-content\/uploads\/2023\/06\/234A7165-360x240.jpg 360w\" sizes=\"auto, (max-width: 2560px) 100vw, 2560px\" \/><img loading=\"lazy\" decoding=\"async\" width=\"2560\" height=\"1707\" src=\"https:\/\/somospatrimonio.org\/wp-content\/uploads\/2023\/06\/234A7148-scaled.jpg\" class=\"slider-97 slide-196\" alt=\"\" data-caption=\"Vista interior de la Catedral de Santa Cruz de Lorica. Foto: Jaime Correa Narv&aacute;ez\" data-thumb=\"\" title=\"234A7148\" rel=\"\" srcset=\"https:\/\/somospatrimonio.org\/wp-content\/uploads\/2023\/06\/234A7148-scaled.jpg 2560w, https:\/\/somospatrimonio.org\/wp-content\/uploads\/2023\/06\/234A7148-300x200.jpg 300w, https:\/\/somospatrimonio.org\/wp-content\/uploads\/2023\/06\/234A7148-1024x683.jpg 1024w, https:\/\/somospatrimonio.org\/wp-content\/uploads\/2023\/06\/234A7148-768x512.jpg 768w, https:\/\/somospatrimonio.org\/wp-content\/uploads\/2023\/06\/234A7148-1536x1024.jpg 1536w, https:\/\/somospatrimonio.org\/wp-content\/uploads\/2023\/06\/234A7148-2048x1365.jpg 2048w, https:\/\/somospatrimonio.org\/wp-content\/uploads\/2023\/06\/234A7148-360x240.jpg 360w\" sizes=\"auto, (max-width: 2560px) 100vw, 2560px\" \/><img loading=\"lazy\" decoding=\"async\" width=\"2560\" height=\"1707\" src=\"https:\/\/somospatrimonio.org\/wp-content\/uploads\/2023\/06\/234A7051-scaled.jpg\" class=\"slider-97 slide-197\" alt=\"\" data-caption=\"Mercado p&uacute;blico El Ranch&oacute;n. Foto: Jaime Correa Narv&aacute;ez\" data-thumb=\"\" title=\"234A7051\" rel=\"\" srcset=\"https:\/\/somospatrimonio.org\/wp-content\/uploads\/2023\/06\/234A7051-scaled.jpg 2560w, https:\/\/somospatrimonio.org\/wp-content\/uploads\/2023\/06\/234A7051-300x200.jpg 300w, https:\/\/somospatrimonio.org\/wp-content\/uploads\/2023\/06\/234A7051-1024x683.jpg 1024w, https:\/\/somospatrimonio.org\/wp-content\/uploads\/2023\/06\/234A7051-768x512.jpg 768w, https:\/\/somospatrimonio.org\/wp-content\/uploads\/2023\/06\/234A7051-1536x1024.jpg 1536w, https:\/\/somospatrimonio.org\/wp-content\/uploads\/2023\/06\/234A7051-2048x1365.jpg 2048w, https:\/\/somospatrimonio.org\/wp-content\/uploads\/2023\/06\/234A7051-360x240.jpg 360w\" sizes=\"auto, (max-width: 2560px) 100vw, 2560px\" \/><img loading=\"lazy\" decoding=\"async\" width=\"2560\" height=\"1707\" src=\"https:\/\/somospatrimonio.org\/wp-content\/uploads\/2023\/06\/234A7305-scaled.jpg\" class=\"slider-97 slide-198\" alt=\"\" data-caption=\"Venta de Artesanias en el Ranch&oacute;n. Foto: Jaime Correa Narv&aacute;ez\" data-thumb=\"\" title=\"234A7305\" rel=\"\" srcset=\"https:\/\/somospatrimonio.org\/wp-content\/uploads\/2023\/06\/234A7305-scaled.jpg 2560w, https:\/\/somospatrimonio.org\/wp-content\/uploads\/2023\/06\/234A7305-300x200.jpg 300w, https:\/\/somospatrimonio.org\/wp-content\/uploads\/2023\/06\/234A7305-1024x683.jpg 1024w, https:\/\/somospatrimonio.org\/wp-content\/uploads\/2023\/06\/234A7305-768x512.jpg 768w, https:\/\/somospatrimonio.org\/wp-content\/uploads\/2023\/06\/234A7305-1536x1024.jpg 1536w, https:\/\/somospatrimonio.org\/wp-content\/uploads\/2023\/06\/234A7305-2048x1365.jpg 2048w, https:\/\/somospatrimonio.org\/wp-content\/uploads\/2023\/06\/234A7305-360x240.jpg 360w\" sizes=\"auto, (max-width: 2560px) 100vw, 2560px\" \/><img loading=\"lazy\" decoding=\"async\" width=\"2560\" height=\"1707\" src=\"https:\/\/somospatrimonio.org\/wp-content\/uploads\/2023\/06\/234A7309-scaled.jpg\" class=\"slider-97 slide-199\" alt=\"\" data-caption=\"Venta de artesanias en El ranch&oacute;n. Foto: Jaime Correa Narv&aacute;ez.\" data-thumb=\"\" title=\"234A7309\" rel=\"\" srcset=\"https:\/\/somospatrimonio.org\/wp-content\/uploads\/2023\/06\/234A7309-scaled.jpg 2560w, https:\/\/somospatrimonio.org\/wp-content\/uploads\/2023\/06\/234A7309-300x200.jpg 300w, https:\/\/somospatrimonio.org\/wp-content\/uploads\/2023\/06\/234A7309-1024x683.jpg 1024w, https:\/\/somospatrimonio.org\/wp-content\/uploads\/2023\/06\/234A7309-768x512.jpg 768w, https:\/\/somospatrimonio.org\/wp-content\/uploads\/2023\/06\/234A7309-1536x1024.jpg 1536w, https:\/\/somospatrimonio.org\/wp-content\/uploads\/2023\/06\/234A7309-2048x1365.jpg 2048w, https:\/\/somospatrimonio.org\/wp-content\/uploads\/2023\/06\/234A7309-360x240.jpg 360w\" sizes=\"auto, (max-width: 2560px) 100vw, 2560px\" \/><img loading=\"lazy\" decoding=\"async\" width=\"2560\" height=\"1707\" src=\"https:\/\/somospatrimonio.org\/wp-content\/uploads\/2023\/08\/234A7058-scaled.jpg\" class=\"slider-97 slide-200\" alt=\"\" data-caption=\"Edificio Mart&iacute;nez. Foto: Jaime Correa Narv&aacute;ez\" data-thumb=\"\" title=\"234A7058\" rel=\"\" srcset=\"https:\/\/somospatrimonio.org\/wp-content\/uploads\/2023\/08\/234A7058-scaled.jpg 2560w, https:\/\/somospatrimonio.org\/wp-content\/uploads\/2023\/08\/234A7058-300x200.jpg 300w, https:\/\/somospatrimonio.org\/wp-content\/uploads\/2023\/08\/234A7058-1024x683.jpg 1024w, https:\/\/somospatrimonio.org\/wp-content\/uploads\/2023\/08\/234A7058-768x512.jpg 768w, https:\/\/somospatrimonio.org\/wp-content\/uploads\/2023\/08\/234A7058-1536x1024.jpg 1536w, https:\/\/somospatrimonio.org\/wp-content\/uploads\/2023\/08\/234A7058-2048x1365.jpg 2048w, https:\/\/somospatrimonio.org\/wp-content\/uploads\/2023\/08\/234A7058-360x240.jpg 360w\" sizes=\"auto, (max-width: 2560px) 100vw, 2560px\" \/><img loading=\"lazy\" decoding=\"async\" width=\"2560\" height=\"1707\" src=\"https:\/\/somospatrimonio.org\/wp-content\/uploads\/2023\/08\/234A7068-scaled.jpg\" class=\"slider-97 slide-201\" alt=\"\" data-caption=\"Edificio Gonz&aacute;lez. Actualmente Alcad&iacute;a de Santa Cruz de Lorica. Foto: Jaime Correa Narv&aacute;ez\" data-thumb=\"\" title=\"234A7068\" rel=\"\" srcset=\"https:\/\/somospatrimonio.org\/wp-content\/uploads\/2023\/08\/234A7068-scaled.jpg 2560w, https:\/\/somospatrimonio.org\/wp-content\/uploads\/2023\/08\/234A7068-300x200.jpg 300w, https:\/\/somospatrimonio.org\/wp-content\/uploads\/2023\/08\/234A7068-1024x683.jpg 1024w, https:\/\/somospatrimonio.org\/wp-content\/uploads\/2023\/08\/234A7068-768x512.jpg 768w, https:\/\/somospatrimonio.org\/wp-content\/uploads\/2023\/08\/234A7068-1536x1024.jpg 1536w, https:\/\/somospatrimonio.org\/wp-content\/uploads\/2023\/08\/234A7068-2048x1365.jpg 2048w, https:\/\/somospatrimonio.org\/wp-content\/uploads\/2023\/08\/234A7068-360x240.jpg 360w\" sizes=\"auto, (max-width: 2560px) 100vw, 2560px\" \/><img loading=\"lazy\" decoding=\"async\" width=\"2560\" height=\"1707\" src=\"https:\/\/somospatrimonio.org\/wp-content\/uploads\/2023\/08\/234A7175-scaled.jpg\" class=\"slider-97 slide-202\" alt=\"\" data-caption=\"Malec&oacute;n &quot;La muralla&quot; de Lorica. Foto: Jaime Correa Narv&aacute;ez\" data-thumb=\"\" title=\"234A7175\" rel=\"\" srcset=\"https:\/\/somospatrimonio.org\/wp-content\/uploads\/2023\/08\/234A7175-scaled.jpg 2560w, https:\/\/somospatrimonio.org\/wp-content\/uploads\/2023\/08\/234A7175-300x200.jpg 300w, https:\/\/somospatrimonio.org\/wp-content\/uploads\/2023\/08\/234A7175-1024x683.jpg 1024w, https:\/\/somospatrimonio.org\/wp-content\/uploads\/2023\/08\/234A7175-768x512.jpg 768w, https:\/\/somospatrimonio.org\/wp-content\/uploads\/2023\/08\/234A7175-1536x1024.jpg 1536w, https:\/\/somospatrimonio.org\/wp-content\/uploads\/2023\/08\/234A7175-2048x1365.jpg 2048w, https:\/\/somospatrimonio.org\/wp-content\/uploads\/2023\/08\/234A7175-360x240.jpg 360w\" sizes=\"auto, (max-width: 2560px) 100vw, 2560px\" \/><img loading=\"lazy\" decoding=\"async\" width=\"2560\" height=\"1707\" src=\"https:\/\/somospatrimonio.org\/wp-content\/uploads\/2023\/08\/234A7026-scaled.jpg\" class=\"slider-97 slide-203\" alt=\"\" data-caption=\"Edifico Afife Matuk (1929). Foto: Jaime Correa Narv&aacute;ez.\" data-thumb=\"\" title=\"234A7026\" rel=\"\" srcset=\"https:\/\/somospatrimonio.org\/wp-content\/uploads\/2023\/08\/234A7026-scaled.jpg 2560w, https:\/\/somospatrimonio.org\/wp-content\/uploads\/2023\/08\/234A7026-300x200.jpg 300w, https:\/\/somospatrimonio.org\/wp-content\/uploads\/2023\/08\/234A7026-1024x683.jpg 1024w, https:\/\/somospatrimonio.org\/wp-content\/uploads\/2023\/08\/234A7026-768x512.jpg 768w, https:\/\/somospatrimonio.org\/wp-content\/uploads\/2023\/08\/234A7026-1536x1024.jpg 1536w, https:\/\/somospatrimonio.org\/wp-content\/uploads\/2023\/08\/234A7026-2048x1365.jpg 2048w, https:\/\/somospatrimonio.org\/wp-content\/uploads\/2023\/08\/234A7026-360x240.jpg 360w\" sizes=\"auto, (max-width: 2560px) 100vw, 2560px\" \/><img loading=\"lazy\" decoding=\"async\" width=\"2560\" height=\"1707\" src=\"https:\/\/somospatrimonio.org\/wp-content\/uploads\/2023\/08\/234A7119-scaled.jpg\" class=\"slider-97 slide-204\" alt=\"\" data-caption=\"Club Lorica. Foto: Jaime Correa Narv&aacute;ez\" data-thumb=\"\" title=\"234A7119\" rel=\"\" srcset=\"https:\/\/somospatrimonio.org\/wp-content\/uploads\/2023\/08\/234A7119-scaled.jpg 2560w, https:\/\/somospatrimonio.org\/wp-content\/uploads\/2023\/08\/234A7119-300x200.jpg 300w, https:\/\/somospatrimonio.org\/wp-content\/uploads\/2023\/08\/234A7119-1024x683.jpg 1024w, https:\/\/somospatrimonio.org\/wp-content\/uploads\/2023\/08\/234A7119-768x512.jpg 768w, https:\/\/somospatrimonio.org\/wp-content\/uploads\/2023\/08\/234A7119-1536x1024.jpg 1536w, https:\/\/somospatrimonio.org\/wp-content\/uploads\/2023\/08\/234A7119-2048x1365.jpg 2048w, https:\/\/somospatrimonio.org\/wp-content\/uploads\/2023\/08\/234A7119-360x240.jpg 360w\" sizes=\"auto, (max-width: 2560px) 100vw, 2560px\" \/><img loading=\"lazy\" decoding=\"async\" width=\"2560\" height=\"1707\" src=\"https:\/\/somospatrimonio.org\/wp-content\/uploads\/2023\/08\/234A7090-scaled.jpg\" class=\"slider-97 slide-205\" alt=\"\" data-caption=\"Edificio Fernando Usme Alarc&oacute;n. Foto: Jaime Correa Narv&aacute;ez\" data-thumb=\"\" title=\"234A7090\" rel=\"\" srcset=\"https:\/\/somospatrimonio.org\/wp-content\/uploads\/2023\/08\/234A7090-scaled.jpg 2560w, https:\/\/somospatrimonio.org\/wp-content\/uploads\/2023\/08\/234A7090-300x200.jpg 300w, https:\/\/somospatrimonio.org\/wp-content\/uploads\/2023\/08\/234A7090-1024x683.jpg 1024w, https:\/\/somospatrimonio.org\/wp-content\/uploads\/2023\/08\/234A7090-768x512.jpg 768w, https:\/\/somospatrimonio.org\/wp-content\/uploads\/2023\/08\/234A7090-1536x1024.jpg 1536w, https:\/\/somospatrimonio.org\/wp-content\/uploads\/2023\/08\/234A7090-2048x1365.jpg 2048w, https:\/\/somospatrimonio.org\/wp-content\/uploads\/2023\/08\/234A7090-360x240.jpg 360w\" sizes=\"auto, (max-width: 2560px) 100vw, 2560px\" \/><img loading=\"lazy\" decoding=\"async\" width=\"2560\" height=\"1707\" src=\"https:\/\/somospatrimonio.org\/wp-content\/uploads\/2023\/08\/234A7068-scaled.jpg\" class=\"slider-97 slide-206\" alt=\"\" data-caption=\"Edificio Gonz&aacute;lez. Actualmente Alcad&iacute;a de Santa Cruz de Lorica. Foto: Jaime Correa Narv&aacute;ez\" data-thumb=\"\" title=\"234A7068\" rel=\"\" srcset=\"https:\/\/somospatrimonio.org\/wp-content\/uploads\/2023\/08\/234A7068-scaled.jpg 2560w, https:\/\/somospatrimonio.org\/wp-content\/uploads\/2023\/08\/234A7068-300x200.jpg 300w, https:\/\/somospatrimonio.org\/wp-content\/uploads\/2023\/08\/234A7068-1024x683.jpg 1024w, https:\/\/somospatrimonio.org\/wp-content\/uploads\/2023\/08\/234A7068-768x512.jpg 768w, https:\/\/somospatrimonio.org\/wp-content\/uploads\/2023\/08\/234A7068-1536x1024.jpg 1536w, https:\/\/somospatrimonio.org\/wp-content\/uploads\/2023\/08\/234A7068-2048x1365.jpg 2048w, https:\/\/somospatrimonio.org\/wp-content\/uploads\/2023\/08\/234A7068-360x240.jpg 360w\" sizes=\"auto, (max-width: 2560px) 100vw, 2560px\" \/><img loading=\"lazy\" decoding=\"async\" width=\"2560\" height=\"1707\" src=\"https:\/\/somospatrimonio.org\/wp-content\/uploads\/2023\/08\/234A7111-scaled.jpg\" class=\"slider-97 slide-207\" alt=\"\" data-caption=\"Plaza de la Cruz. Foto: Jaime Correa Narv&aacute;ez.\" data-thumb=\"\" title=\"234A7111\" rel=\"\" srcset=\"https:\/\/somospatrimonio.org\/wp-content\/uploads\/2023\/08\/234A7111-scaled.jpg 2560w, https:\/\/somospatrimonio.org\/wp-content\/uploads\/2023\/08\/234A7111-300x200.jpg 300w, https:\/\/somospatrimonio.org\/wp-content\/uploads\/2023\/08\/234A7111-1024x683.jpg 1024w, https:\/\/somospatrimonio.org\/wp-content\/uploads\/2023\/08\/234A7111-768x512.jpg 768w, https:\/\/somospatrimonio.org\/wp-content\/uploads\/2023\/08\/234A7111-1536x1024.jpg 1536w, https:\/\/somospatrimonio.org\/wp-content\/uploads\/2023\/08\/234A7111-2048x1365.jpg 2048w, https:\/\/somospatrimonio.org\/wp-content\/uploads\/2023\/08\/234A7111-360x240.jpg 360w\" sizes=\"auto, (max-width: 2560px) 100vw, 2560px\" \/><img loading=\"lazy\" decoding=\"async\" width=\"2560\" height=\"1707\" src=\"https:\/\/somospatrimonio.org\/wp-content\/uploads\/2023\/08\/234A7158-scaled.jpg\" class=\"slider-97 slide-208\" alt=\"\" data-caption=\"Mural en homenaje a Manuel Zapata Olivella. Foto: Jaime Correa Narv&aacute;ez\" data-thumb=\"\" title=\"234A7158\" rel=\"\" srcset=\"https:\/\/somospatrimonio.org\/wp-content\/uploads\/2023\/08\/234A7158-scaled.jpg 2560w, https:\/\/somospatrimonio.org\/wp-content\/uploads\/2023\/08\/234A7158-300x200.jpg 300w, https:\/\/somospatrimonio.org\/wp-content\/uploads\/2023\/08\/234A7158-1024x683.jpg 1024w, https:\/\/somospatrimonio.org\/wp-content\/uploads\/2023\/08\/234A7158-768x512.jpg 768w, https:\/\/somospatrimonio.org\/wp-content\/uploads\/2023\/08\/234A7158-1536x1024.jpg 1536w, https:\/\/somospatrimonio.org\/wp-content\/uploads\/2023\/08\/234A7158-2048x1365.jpg 2048w, https:\/\/somospatrimonio.org\/wp-content\/uploads\/2023\/08\/234A7158-360x240.jpg 360w\" sizes=\"auto, (max-width: 2560px) 100vw, 2560px\" \/><img loading=\"lazy\" decoding=\"async\" width=\"1707\" height=\"2560\" src=\"https:\/\/somospatrimonio.org\/wp-content\/uploads\/2023\/08\/234A7096-scaled.jpg\" class=\"slider-97 slide-209\" alt=\"\" data-caption=\"Plaza de la concordia. Foto: Jaime Correa Narv&aacute;ez.\" data-thumb=\"\" title=\"234A7096\" rel=\"\" srcset=\"https:\/\/somospatrimonio.org\/wp-content\/uploads\/2023\/08\/234A7096-scaled.jpg 1707w, https:\/\/somospatrimonio.org\/wp-content\/uploads\/2023\/08\/234A7096-200x300.jpg 200w, https:\/\/somospatrimonio.org\/wp-content\/uploads\/2023\/08\/234A7096-683x1024.jpg 683w, https:\/\/somospatrimonio.org\/wp-content\/uploads\/2023\/08\/234A7096-768x1152.jpg 768w, https:\/\/somospatrimonio.org\/wp-content\/uploads\/2023\/08\/234A7096-1024x1536.jpg 1024w, https:\/\/somospatrimonio.org\/wp-content\/uploads\/2023\/08\/234A7096-1365x2048.jpg 1365w\" sizes=\"auto, (max-width: 1707px) 100vw, 1707px\" \/><img loading=\"lazy\" decoding=\"async\" width=\"2560\" height=\"1707\" src=\"https:\/\/somospatrimonio.org\/wp-content\/uploads\/2023\/08\/234A7048-scaled.jpg\" class=\"slider-97 slide-210\" alt=\"\" data-caption=\"Edificio La Isla. Foto: Jaime Correa Narv&aacute;ez.\" data-thumb=\"\" title=\"234A7048\" rel=\"\" srcset=\"https:\/\/somospatrimonio.org\/wp-content\/uploads\/2023\/08\/234A7048-scaled.jpg 2560w, https:\/\/somospatrimonio.org\/wp-content\/uploads\/2023\/08\/234A7048-300x200.jpg 300w, https:\/\/somospatrimonio.org\/wp-content\/uploads\/2023\/08\/234A7048-1024x683.jpg 1024w, https:\/\/somospatrimonio.org\/wp-content\/uploads\/2023\/08\/234A7048-768x512.jpg 768w, https:\/\/somospatrimonio.org\/wp-content\/uploads\/2023\/08\/234A7048-1536x1024.jpg 1536w, https:\/\/somospatrimonio.org\/wp-content\/uploads\/2023\/08\/234A7048-2048x1365.jpg 2048w, https:\/\/somospatrimonio.org\/wp-content\/uploads\/2023\/08\/234A7048-360x240.jpg 360w\" sizes=\"auto, (max-width: 2560px) 100vw, 2560px\" \/><img loading=\"lazy\" decoding=\"async\" width=\"2560\" height=\"1707\" src=\"https:\/\/somospatrimonio.org\/wp-content\/uploads\/2023\/08\/234A7205-scaled.jpg\" class=\"slider-97 slide-211\" alt=\"\" data-caption=\"Vista de Lorica desde el ca&ntilde;o de aguas prietas. Foto: Jaime Correa Narv&aacute;ez.\" data-thumb=\"\" title=\"234A7205\" rel=\"\" srcset=\"https:\/\/somospatrimonio.org\/wp-content\/uploads\/2023\/08\/234A7205-scaled.jpg 2560w, https:\/\/somospatrimonio.org\/wp-content\/uploads\/2023\/08\/234A7205-300x200.jpg 300w, https:\/\/somospatrimonio.org\/wp-content\/uploads\/2023\/08\/234A7205-1024x683.jpg 1024w, https:\/\/somospatrimonio.org\/wp-content\/uploads\/2023\/08\/234A7205-768x512.jpg 768w, https:\/\/somospatrimonio.org\/wp-content\/uploads\/2023\/08\/234A7205-1536x1024.jpg 1536w, https:\/\/somospatrimonio.org\/wp-content\/uploads\/2023\/08\/234A7205-2048x1365.jpg 2048w, https:\/\/somospatrimonio.org\/wp-content\/uploads\/2023\/08\/234A7205-360x240.jpg 360w\" sizes=\"auto, (max-width: 2560px) 100vw, 2560px\" \/><img loading=\"lazy\" decoding=\"async\" width=\"2560\" height=\"1707\" src=\"https:\/\/somospatrimonio.org\/wp-content\/uploads\/2023\/08\/234A7212-scaled.jpg\" class=\"slider-97 slide-212\" alt=\"\" data-caption=\"Ca&ntilde;o de Chimalito. Foto: Jaime Correa Narv&aacute;ez.\" data-thumb=\"\" title=\"234A7212\" rel=\"\" srcset=\"https:\/\/somospatrimonio.org\/wp-content\/uploads\/2023\/08\/234A7212-scaled.jpg 2560w, https:\/\/somospatrimonio.org\/wp-content\/uploads\/2023\/08\/234A7212-300x200.jpg 300w, https:\/\/somospatrimonio.org\/wp-content\/uploads\/2023\/08\/234A7212-1024x683.jpg 1024w, https:\/\/somospatrimonio.org\/wp-content\/uploads\/2023\/08\/234A7212-768x512.jpg 768w, https:\/\/somospatrimonio.org\/wp-content\/uploads\/2023\/08\/234A7212-1536x1024.jpg 1536w, https:\/\/somospatrimonio.org\/wp-content\/uploads\/2023\/08\/234A7212-2048x1365.jpg 2048w, https:\/\/somospatrimonio.org\/wp-content\/uploads\/2023\/08\/234A7212-360x240.jpg 360w\" sizes=\"auto, (max-width: 2560px) 100vw, 2560px\" \/><img loading=\"lazy\" decoding=\"async\" width=\"2560\" height=\"1707\" src=\"https:\/\/somospatrimonio.org\/wp-content\/uploads\/2023\/08\/234A7234-scaled.jpg\" class=\"slider-97 slide-213\" alt=\"\" data-caption=\"Puente 20 de julio. Foto: Jaime Correa Narv&aacute;ez.\" data-thumb=\"\" title=\"234A7234\" rel=\"\" srcset=\"https:\/\/somospatrimonio.org\/wp-content\/uploads\/2023\/08\/234A7234-scaled.jpg 2560w, https:\/\/somospatrimonio.org\/wp-content\/uploads\/2023\/08\/234A7234-300x200.jpg 300w, https:\/\/somospatrimonio.org\/wp-content\/uploads\/2023\/08\/234A7234-1024x683.jpg 1024w, https:\/\/somospatrimonio.org\/wp-content\/uploads\/2023\/08\/234A7234-768x512.jpg 768w, https:\/\/somospatrimonio.org\/wp-content\/uploads\/2023\/08\/234A7234-1536x1024.jpg 1536w, https:\/\/somospatrimonio.org\/wp-content\/uploads\/2023\/08\/234A7234-2048x1365.jpg 2048w, https:\/\/somospatrimonio.org\/wp-content\/uploads\/2023\/08\/234A7234-360x240.jpg 360w\" sizes=\"auto, (max-width: 2560px) 100vw, 2560px\" \/><img loading=\"lazy\" decoding=\"async\" width=\"2560\" height=\"1707\" src=\"https:\/\/somospatrimonio.org\/wp-content\/uploads\/2023\/08\/234A7238-scaled.jpg\" class=\"slider-97 slide-214\" alt=\"\" data-caption=\"Mural - Hitoria de Lorica. Autor: Adriano R&iacute;os Sossa. Foto: Jaime Correa Narv&aacute;ez.\" data-thumb=\"\" title=\"234A7238\" rel=\"\" srcset=\"https:\/\/somospatrimonio.org\/wp-content\/uploads\/2023\/08\/234A7238-scaled.jpg 2560w, https:\/\/somospatrimonio.org\/wp-content\/uploads\/2023\/08\/234A7238-300x200.jpg 300w, https:\/\/somospatrimonio.org\/wp-content\/uploads\/2023\/08\/234A7238-1024x683.jpg 1024w, https:\/\/somospatrimonio.org\/wp-content\/uploads\/2023\/08\/234A7238-768x512.jpg 768w, https:\/\/somospatrimonio.org\/wp-content\/uploads\/2023\/08\/234A7238-1536x1024.jpg 1536w, https:\/\/somospatrimonio.org\/wp-content\/uploads\/2023\/08\/234A7238-2048x1365.jpg 2048w, https:\/\/somospatrimonio.org\/wp-content\/uploads\/2023\/08\/234A7238-360x240.jpg 360w\" sizes=\"auto, (max-width: 2560px) 100vw, 2560px\" \/><img loading=\"lazy\" decoding=\"async\" width=\"1707\" height=\"2560\" src=\"https:\/\/somospatrimonio.org\/wp-content\/uploads\/2023\/08\/234A7243-scaled.jpg\" class=\"slider-97 slide-215\" alt=\"\" data-caption=\"Palacio de las trece columnas, actual concejo municipal de Lorica. Foto: Jaime Correa Narv&aacute;ez.\" data-thumb=\"\" title=\"234A7243\" rel=\"\" srcset=\"https:\/\/somospatrimonio.org\/wp-content\/uploads\/2023\/08\/234A7243-scaled.jpg 1707w, https:\/\/somospatrimonio.org\/wp-content\/uploads\/2023\/08\/234A7243-200x300.jpg 200w, https:\/\/somospatrimonio.org\/wp-content\/uploads\/2023\/08\/234A7243-683x1024.jpg 683w, https:\/\/somospatrimonio.org\/wp-content\/uploads\/2023\/08\/234A7243-768x1152.jpg 768w, https:\/\/somospatrimonio.org\/wp-content\/uploads\/2023\/08\/234A7243-1024x1536.jpg 1024w, https:\/\/somospatrimonio.org\/wp-content\/uploads\/2023\/08\/234A7243-1365x2048.jpg 1365w\" sizes=\"auto, (max-width: 1707px) 100vw, 1707px\" \/><img loading=\"lazy\" decoding=\"async\" width=\"2560\" height=\"1707\" src=\"https:\/\/somospatrimonio.org\/wp-content\/uploads\/2023\/08\/234A7264-scaled.jpg\" class=\"slider-97 slide-216\" alt=\"\" data-caption=\"Palacio de las trece columnas, actual concejo municipal de Lorica. Foto: Jaime Correa Narv&aacute;ez.\" data-thumb=\"\" title=\"234A7264\" rel=\"\" srcset=\"https:\/\/somospatrimonio.org\/wp-content\/uploads\/2023\/08\/234A7264-scaled.jpg 2560w, https:\/\/somospatrimonio.org\/wp-content\/uploads\/2023\/08\/234A7264-300x200.jpg 300w, https:\/\/somospatrimonio.org\/wp-content\/uploads\/2023\/08\/234A7264-1024x683.jpg 1024w, https:\/\/somospatrimonio.org\/wp-content\/uploads\/2023\/08\/234A7264-768x512.jpg 768w, https:\/\/somospatrimonio.org\/wp-content\/uploads\/2023\/08\/234A7264-1536x1024.jpg 1536w, https:\/\/somospatrimonio.org\/wp-content\/uploads\/2023\/08\/234A7264-2048x1365.jpg 2048w, https:\/\/somospatrimonio.org\/wp-content\/uploads\/2023\/08\/234A7264-360x240.jpg 360w\" sizes=\"auto, (max-width: 2560px) 100vw, 2560px\" \/><img loading=\"lazy\" decoding=\"async\" width=\"2560\" height=\"1707\" src=\"https:\/\/somospatrimonio.org\/wp-content\/uploads\/2023\/08\/234A7251-scaled.jpg\" class=\"slider-97 slide-217\" alt=\"\" data-caption=\"Palacio de las trece columnas. Foto: Jaime Correa Narv&aacute;ez.\" data-thumb=\"\" title=\"234A7251\" rel=\"\" srcset=\"https:\/\/somospatrimonio.org\/wp-content\/uploads\/2023\/08\/234A7251-scaled.jpg 2560w, https:\/\/somospatrimonio.org\/wp-content\/uploads\/2023\/08\/234A7251-300x200.jpg 300w, https:\/\/somospatrimonio.org\/wp-content\/uploads\/2023\/08\/234A7251-1024x683.jpg 1024w, https:\/\/somospatrimonio.org\/wp-content\/uploads\/2023\/08\/234A7251-768x512.jpg 768w, https:\/\/somospatrimonio.org\/wp-content\/uploads\/2023\/08\/234A7251-1536x1024.jpg 1536w, https:\/\/somospatrimonio.org\/wp-content\/uploads\/2023\/08\/234A7251-2048x1365.jpg 2048w, https:\/\/somospatrimonio.org\/wp-content\/uploads\/2023\/08\/234A7251-360x240.jpg 360w\" sizes=\"auto, (max-width: 2560px) 100vw, 2560px\" \/><img loading=\"lazy\" decoding=\"async\" width=\"2560\" height=\"1707\" src=\"https:\/\/somospatrimonio.org\/wp-content\/uploads\/2023\/08\/234A7270-scaled.jpg\" class=\"slider-97 slide-218\" alt=\"\" data-caption=\"Casa de Ana Gabriela Mart&iacute;nez de Martelo. Foto: Jaime Correa Narv&aacute;ez.\" data-thumb=\"\" title=\"234A7270\" rel=\"\" srcset=\"https:\/\/somospatrimonio.org\/wp-content\/uploads\/2023\/08\/234A7270-scaled.jpg 2560w, https:\/\/somospatrimonio.org\/wp-content\/uploads\/2023\/08\/234A7270-300x200.jpg 300w, https:\/\/somospatrimonio.org\/wp-content\/uploads\/2023\/08\/234A7270-1024x683.jpg 1024w, https:\/\/somospatrimonio.org\/wp-content\/uploads\/2023\/08\/234A7270-768x512.jpg 768w, https:\/\/somospatrimonio.org\/wp-content\/uploads\/2023\/08\/234A7270-1536x1024.jpg 1536w, https:\/\/somospatrimonio.org\/wp-content\/uploads\/2023\/08\/234A7270-2048x1365.jpg 2048w, https:\/\/somospatrimonio.org\/wp-content\/uploads\/2023\/08\/234A7270-360x240.jpg 360w\" sizes=\"auto, (max-width: 2560px) 100vw, 2560px\" \/><img loading=\"lazy\" decoding=\"async\" width=\"2560\" height=\"1707\" src=\"https:\/\/somospatrimonio.org\/wp-content\/uploads\/2023\/08\/234A7274-scaled.jpg\" class=\"slider-97 slide-219\" alt=\"\" data-caption=\"Casa de Nicol&aacute;s Sanchez. Foto: Jaime Correa Narv&aacute;ez.\" data-thumb=\"\" title=\"234A7274\" rel=\"\" srcset=\"https:\/\/somospatrimonio.org\/wp-content\/uploads\/2023\/08\/234A7274-scaled.jpg 2560w, https:\/\/somospatrimonio.org\/wp-content\/uploads\/2023\/08\/234A7274-300x200.jpg 300w, https:\/\/somospatrimonio.org\/wp-content\/uploads\/2023\/08\/234A7274-1024x683.jpg 1024w, https:\/\/somospatrimonio.org\/wp-content\/uploads\/2023\/08\/234A7274-768x512.jpg 768w, https:\/\/somospatrimonio.org\/wp-content\/uploads\/2023\/08\/234A7274-1536x1024.jpg 1536w, https:\/\/somospatrimonio.org\/wp-content\/uploads\/2023\/08\/234A7274-2048x1365.jpg 2048w, https:\/\/somospatrimonio.org\/wp-content\/uploads\/2023\/08\/234A7274-360x240.jpg 360w\" sizes=\"auto, (max-width: 2560px) 100vw, 2560px\" \/><img loading=\"lazy\" decoding=\"async\" width=\"1707\" height=\"2560\" src=\"https:\/\/somospatrimonio.org\/wp-content\/uploads\/2023\/08\/234A7285-scaled.jpg\" class=\"slider-97 slide-220\" alt=\"\" data-caption=\"Monumento al reverendo padre L&aacute;cides Ceferino Bersal Rossi. Foto: Jaime Correa Narv&aacute;ez.\" data-thumb=\"\" title=\"234A7285\" rel=\"\" srcset=\"https:\/\/somospatrimonio.org\/wp-content\/uploads\/2023\/08\/234A7285-scaled.jpg 1707w, https:\/\/somospatrimonio.org\/wp-content\/uploads\/2023\/08\/234A7285-200x300.jpg 200w, https:\/\/somospatrimonio.org\/wp-content\/uploads\/2023\/08\/234A7285-683x1024.jpg 683w, https:\/\/somospatrimonio.org\/wp-content\/uploads\/2023\/08\/234A7285-768x1152.jpg 768w, https:\/\/somospatrimonio.org\/wp-content\/uploads\/2023\/08\/234A7285-1024x1536.jpg 1024w, https:\/\/somospatrimonio.org\/wp-content\/uploads\/2023\/08\/234A7285-1365x2048.jpg 1365w\" sizes=\"auto, (max-width: 1707px) 100vw, 1707px\" \/><img loading=\"lazy\" decoding=\"async\" width=\"2560\" height=\"1707\" src=\"https:\/\/somospatrimonio.org\/wp-content\/uploads\/2023\/08\/234A7319-scaled.jpg\" class=\"slider-97 slide-221\" alt=\"\" data-caption=\"Venta de comidas t&iacute;picas en El ranch&oacute;n. Foto: Jaime Correa Narv&aacute;ez.\" data-thumb=\"\" title=\"234A7319\" rel=\"\" srcset=\"https:\/\/somospatrimonio.org\/wp-content\/uploads\/2023\/08\/234A7319-scaled.jpg 2560w, https:\/\/somospatrimonio.org\/wp-content\/uploads\/2023\/08\/234A7319-300x200.jpg 300w, https:\/\/somospatrimonio.org\/wp-content\/uploads\/2023\/08\/234A7319-1024x683.jpg 1024w, https:\/\/somospatrimonio.org\/wp-content\/uploads\/2023\/08\/234A7319-768x512.jpg 768w, https:\/\/somospatrimonio.org\/wp-content\/uploads\/2023\/08\/234A7319-1536x1024.jpg 1536w, https:\/\/somospatrimonio.org\/wp-content\/uploads\/2023\/08\/234A7319-2048x1365.jpg 2048w, https:\/\/somospatrimonio.org\/wp-content\/uploads\/2023\/08\/234A7319-360x240.jpg 360w\" sizes=\"auto, (max-width: 2560px) 100vw, 2560px\" \/><img loading=\"lazy\" decoding=\"async\" width=\"2560\" height=\"1707\" src=\"https:\/\/somospatrimonio.org\/wp-content\/uploads\/2023\/08\/234A7316-scaled.jpg\" class=\"slider-97 slide-222\" alt=\"\" data-caption=\"Venta de artesan&iacute;as. Foto: Jaime Correa Narv&aacute;ez.\" data-thumb=\"\" title=\"234A7316\" rel=\"\" srcset=\"https:\/\/somospatrimonio.org\/wp-content\/uploads\/2023\/08\/234A7316-scaled.jpg 2560w, https:\/\/somospatrimonio.org\/wp-content\/uploads\/2023\/08\/234A7316-300x200.jpg 300w, https:\/\/somospatrimonio.org\/wp-content\/uploads\/2023\/08\/234A7316-1024x683.jpg 1024w, https:\/\/somospatrimonio.org\/wp-content\/uploads\/2023\/08\/234A7316-768x512.jpg 768w, https:\/\/somospatrimonio.org\/wp-content\/uploads\/2023\/08\/234A7316-1536x1024.jpg 1536w, https:\/\/somospatrimonio.org\/wp-content\/uploads\/2023\/08\/234A7316-2048x1365.jpg 2048w, https:\/\/somospatrimonio.org\/wp-content\/uploads\/2023\/08\/234A7316-360x240.jpg 360w\" sizes=\"auto, (max-width: 2560px) 100vw, 2560px\" \/><img loading=\"lazy\" decoding=\"async\" width=\"2560\" height=\"1707\" src=\"https:\/\/somospatrimonio.org\/wp-content\/uploads\/2023\/08\/234A7336-scaled.jpg\" class=\"slider-97 slide-223\" alt=\"\" data-caption=\"Venta de especias en &quot;El ranch&oacute;n&quot;. Foto: Jaime Correa Narv&aacute;ez.\" data-thumb=\"\" title=\"234A7336\" rel=\"\" srcset=\"https:\/\/somospatrimonio.org\/wp-content\/uploads\/2023\/08\/234A7336-scaled.jpg 2560w, https:\/\/somospatrimonio.org\/wp-content\/uploads\/2023\/08\/234A7336-300x200.jpg 300w, https:\/\/somospatrimonio.org\/wp-content\/uploads\/2023\/08\/234A7336-1024x683.jpg 1024w, https:\/\/somospatrimonio.org\/wp-content\/uploads\/2023\/08\/234A7336-768x512.jpg 768w, https:\/\/somospatrimonio.org\/wp-content\/uploads\/2023\/08\/234A7336-1536x1024.jpg 1536w, https:\/\/somospatrimonio.org\/wp-content\/uploads\/2023\/08\/234A7336-2048x1365.jpg 2048w, https:\/\/somospatrimonio.org\/wp-content\/uploads\/2023\/08\/234A7336-360x240.jpg 360w\" sizes=\"auto, (max-width: 2560px) 100vw, 2560px\" \/><img loading=\"lazy\" decoding=\"async\" width=\"2560\" height=\"1707\" src=\"https:\/\/somospatrimonio.org\/wp-content\/uploads\/2023\/08\/234A7362-scaled.jpg\" class=\"slider-97 slide-224\" alt=\"\" data-caption=\"Pescadores transitando hacia el r&iacute;o Sin&uacute; desde el ca&ntilde;o de aguas prietas. Foto: Jaime Correa Narv&aacute;ez.\" data-thumb=\"\" title=\"234A7362\" rel=\"\" srcset=\"https:\/\/somospatrimonio.org\/wp-content\/uploads\/2023\/08\/234A7362-scaled.jpg 2560w, https:\/\/somospatrimonio.org\/wp-content\/uploads\/2023\/08\/234A7362-300x200.jpg 300w, https:\/\/somospatrimonio.org\/wp-content\/uploads\/2023\/08\/234A7362-1024x683.jpg 1024w, https:\/\/somospatrimonio.org\/wp-content\/uploads\/2023\/08\/234A7362-768x512.jpg 768w, https:\/\/somospatrimonio.org\/wp-content\/uploads\/2023\/08\/234A7362-1536x1024.jpg 1536w, https:\/\/somospatrimonio.org\/wp-content\/uploads\/2023\/08\/234A7362-2048x1365.jpg 2048w, https:\/\/somospatrimonio.org\/wp-content\/uploads\/2023\/08\/234A7362-360x240.jpg 360w\" sizes=\"auto, (max-width: 2560px) 100vw, 2560px\" \/><img loading=\"lazy\" decoding=\"async\" width=\"1949\" height=\"2560\" src=\"https:\/\/somospatrimonio.org\/wp-content\/uploads\/2023\/08\/234A7499_1-scaled.jpg\" class=\"slider-97 slide-225\" alt=\"\" data-caption=\"Cocinera com&uacute;n (Crotophaga ani). Foto: Jaime Correa Narv&aacute;ez.\" data-thumb=\"\" title=\"234A7499_1\" rel=\"\" srcset=\"https:\/\/somospatrimonio.org\/wp-content\/uploads\/2023\/08\/234A7499_1-scaled.jpg 1949w, https:\/\/somospatrimonio.org\/wp-content\/uploads\/2023\/08\/234A7499_1-228x300.jpg 228w, https:\/\/somospatrimonio.org\/wp-content\/uploads\/2023\/08\/234A7499_1-779x1024.jpg 779w, https:\/\/somospatrimonio.org\/wp-content\/uploads\/2023\/08\/234A7499_1-768x1009.jpg 768w, https:\/\/somospatrimonio.org\/wp-content\/uploads\/2023\/08\/234A7499_1-1169x1536.jpg 1169w, https:\/\/somospatrimonio.org\/wp-content\/uploads\/2023\/08\/234A7499_1-1559x2048.jpg 1559w\" sizes=\"auto, (max-width: 1949px) 100vw, 1949px\" \/><img loading=\"lazy\" decoding=\"async\" width=\"2560\" height=\"1707\" src=\"https:\/\/somospatrimonio.org\/wp-content\/uploads\/2023\/08\/234A7423-scaled.jpg\" class=\"slider-97 slide-226\" alt=\"\" data-caption=\"Mural en homenaje a Marcial Alegr&iacute;a. Foto: Jaime Correa Narv&aacute;ez.\" data-thumb=\"\" title=\"234A7423\" rel=\"\" srcset=\"https:\/\/somospatrimonio.org\/wp-content\/uploads\/2023\/08\/234A7423-scaled.jpg 2560w, https:\/\/somospatrimonio.org\/wp-content\/uploads\/2023\/08\/234A7423-300x200.jpg 300w, https:\/\/somospatrimonio.org\/wp-content\/uploads\/2023\/08\/234A7423-1024x683.jpg 1024w, https:\/\/somospatrimonio.org\/wp-content\/uploads\/2023\/08\/234A7423-768x512.jpg 768w, https:\/\/somospatrimonio.org\/wp-content\/uploads\/2023\/08\/234A7423-1536x1024.jpg 1536w, https:\/\/somospatrimonio.org\/wp-content\/uploads\/2023\/08\/234A7423-2048x1365.jpg 2048w, https:\/\/somospatrimonio.org\/wp-content\/uploads\/2023\/08\/234A7423-360x240.jpg 360w\" sizes=\"auto, (max-width: 2560px) 100vw, 2560px\" \/><img loading=\"lazy\" decoding=\"async\" width=\"2560\" height=\"1707\" src=\"https:\/\/somospatrimonio.org\/wp-content\/uploads\/2023\/08\/234A7403-scaled.jpg\" class=\"slider-97 slide-227\" alt=\"\" data-caption=\"Garzas (Ardea alba) en la plaza del pastelillo. Foto: Jaime Correa Narv&aacute;ez.\" data-thumb=\"\" title=\"234A7403\" rel=\"\" srcset=\"https:\/\/somospatrimonio.org\/wp-content\/uploads\/2023\/08\/234A7403-scaled.jpg 2560w, https:\/\/somospatrimonio.org\/wp-content\/uploads\/2023\/08\/234A7403-300x200.jpg 300w, https:\/\/somospatrimonio.org\/wp-content\/uploads\/2023\/08\/234A7403-1024x683.jpg 1024w, https:\/\/somospatrimonio.org\/wp-content\/uploads\/2023\/08\/234A7403-768x512.jpg 768w, https:\/\/somospatrimonio.org\/wp-content\/uploads\/2023\/08\/234A7403-1536x1024.jpg 1536w, https:\/\/somospatrimonio.org\/wp-content\/uploads\/2023\/08\/234A7403-2048x1365.jpg 2048w, https:\/\/somospatrimonio.org\/wp-content\/uploads\/2023\/08\/234A7403-360x240.jpg 360w\" sizes=\"auto, (max-width: 2560px) 100vw, 2560px\" \/><\/div><\/div>\n        \n    <\/div>\n<\/div>\n","protected":false},"excerpt":{"rendered":"<p>El municipio de Santa Cruz tiene tiene un gran potencial tur\u00edstico gracias a su biodiversidad, su arquitectura y sobre todo a su riqueza cultural.<\/p>\n","protected":false},"author":1,"featured_media":0,"parent":0,"menu_order":0,"comment_status":"closed","ping_status":"closed","template":"","meta":{"om_disable_all_campaigns":false,"footnotes":""},"class_list":["post-229","page","type-page","status-publish","hentry"],"_links":{"self":[{"href":"https:\/\/somospatrimonio.org\/index.php?rest_route=\/wp\/v2\/pages\/229","targetHints":{"allow":["GET"]}}],"collection":[{"href":"https:\/\/somospatrimonio.org\/index.php?rest_route=\/wp\/v2\/pages"}],"about":[{"href":"https:\/\/somospatrimonio.org\/index.php?rest_route=\/wp\/v2\/types\/page"}],"author":[{"embeddable":true,"href":"https:\/\/somospatrimonio.org\/index.php?rest_route=\/wp\/v2\/users\/1"}],"replies":[{"embeddable":true,"href":"https:\/\/somospatrimonio.org\/index.php?rest_route=%2Fwp%2Fv2%2Fcomments&post=229"}],"version-history":[{"count":3,"href":"https:\/\/somospatrimonio.org\/index.php?rest_route=\/wp\/v2\/pages\/229\/revisions"}],"predecessor-version":[{"id":246,"href":"https:\/\/somospatrimonio.org\/index.php?rest_route=\/wp\/v2\/pages\/229\/revisions\/246"}],"wp:attachment":[{"href":"https:\/\/somospatrimonio.org\/index.php?rest_route=%2Fwp%2Fv2%2Fmedia&parent=229"}],"curies":[{"name":"wp","href":"https:\/\/api.w.org\/{rel}","templated":true}]}}